{"id":13534,"date":"2021-03-09T14:22:39","date_gmt":"2021-03-09T19:22:39","guid":{"rendered":"https:\/\/educharlevoix.ca\/cse\/?page_id=13534"},"modified":"2024-09-26T15:31:16","modified_gmt":"2024-09-26T19:31:16","slug":"flexibilite-adaptation-modification","status":"publish","type":"page","link":"https:\/\/educharlevoix.ca\/cse\/flexibilite-adaptation-modification\/","title":{"rendered":"Flexibilit\u00e9, adaptation, modification"},"content":{"rendered":"<h1><strong>Diff\u00e9renciation p\u00e9dagogique<\/strong><\/h1>\n<table style=\"height: 317px;\" width=\"617\">\n<tbody>\n<tr>\n<td style=\"text-align: center;\">\n<h2><a href=\"https:\/\/cscharlevoix.sharepoint.com\/:f:\/r\/sites\/serviceseducatifs\/Documents%20partages\/Adaptation%20scolaire-Inclusion\/Flexibilit%C3%A9,%20adaptation,%20modification\/Guides%20CSS?csf=1&amp;web=1&amp;e=qaF6dF\" target=\"_blank\" rel=\"noopener\"><img loading=\"lazy\" decoding=\"async\" class=\"aligncenter size-full wp-image-15792\" src=\"https:\/\/educharlevoix.ca\/cse\/wp-content\/uploads\/2023\/09\/design-pencil-ruler-grid-guide_108596.png\" alt=\"\" width=\"64\" height=\"64\" \/><\/a><\/h2>\n<\/td>\n<td>\n<h2><a href=\"https:\/\/cscharlevoix.sharepoint.com\/:f:\/r\/sites\/serviceseducatifs\/Documents%20partages\/Adaptation%20scolaire-Inclusion\/Flexibilit%C3%A9,%20adaptation,%20modification\/Guides%20CSS?csf=1&amp;web=1&amp;e=bvtAh7\" target=\"_blank\" rel=\"noopener\">Guide d&rsquo;accompagnement sur les mesures de diff\u00e9renciation CSSDC<\/a><\/h2>\n<\/td>\n<\/tr>\n<tr>\n<td><a href=\"https:\/\/cscharlevoix.sharepoint.com\/:b:\/r\/sites\/serviceseducatifs\/Documents%20partages\/Adaptation%20scolaire-Inclusion\/Flexibilit%C3%A9,%20adaptation,%20modification\/Modification%20des%20attentes\/Trajectoire%20de%20la%20modification_22-08-2022.pdf?csf=1&amp;web=1&amp;e=fGnLy4\" target=\"_blank\" rel=\"noopener\"><img loading=\"lazy\" decoding=\"async\" class=\"aligncenter size-full wp-image-15794\" src=\"https:\/\/educharlevoix.ca\/cse\/wp-content\/uploads\/2023\/09\/4230519-business-choice-decision_115017.png\" alt=\"\" width=\"72\" height=\"72\" \/><\/a><\/td>\n<td>\n<h2><a href=\"https:\/\/cscharlevoix.sharepoint.com\/:b:\/r\/sites\/serviceseducatifs\/Documents%20partages\/Adaptation%20scolaire-Inclusion\/Flexibilit%C3%A9,%20adaptation,%20modification\/Modification%20des%20attentes\/Trajectoire%20de%20la%20modification_22-08-2022.pdf?csf=1&amp;web=1&amp;e=gE9NnU\" target=\"_blank\" rel=\"noopener\">D\u00e9marche d&rsquo;aide \u00e0 la d\u00e9cision de la modification des attentes &#8211; CSSDC<\/a><\/h2>\n<\/td>\n<\/tr>\n<tr>\n<td><a href=\"https:\/\/cscharlevoix.sharepoint.com\/:b:\/r\/sites\/serviceseducatifs\/Documents%20partages\/Adaptation%20scolaire-Inclusion\/Flexibilit%C3%A9,%20adaptation,%20modification\/Diffe%CC%81renciation%20explique%CC%81e%20aux%20parents.pdf?csf=1&amp;web=1&amp;e=H005Ur\" target=\"_blank\" rel=\"noopener\"><img loading=\"lazy\" decoding=\"async\" class=\"aligncenter size-full wp-image-15795\" src=\"https:\/\/educharlevoix.ca\/cse\/wp-content\/uploads\/2023\/09\/parent_icon_205848.png\" alt=\"\" width=\"64\" height=\"64\" \/><\/a><\/td>\n<td>\n<h2><a href=\"https:\/\/cscharlevoix.sharepoint.com\/:b:\/s\/serviceseducatifs\/EVdo8iT9Wt1IupXgQHjrPZEBaVwmceicMIK4lQG73b5SOA?e=glurv4\" target=\"_blank\" rel=\"noopener\">La diff\u00e9renciation expliqu\u00e9e aux parents<\/a><\/h2>\n<\/td>\n<\/tr>\n<\/tbody>\n<\/table>\n<h1><strong>Mesures de flexibilit\u00e9 et d&rsquo;adaptation<\/strong><\/h1>\n<table style=\"height: 317px;\" width=\"617\">\n<tbody>\n<tr>\n<td><a href=\"https:\/\/cscharlevoix.sharepoint.com\/:f:\/r\/sites\/serviceseducatifs\/Documents%20partages\/Adaptation%20scolaire-Inclusion\/Flexibilit%C3%A9,%20adaptation,%20modification\/Mesures%20de%20flexibilit%C3%A9%20et%20d%27adaptation?csf=1&amp;web=1&amp;e=0MUzvi\" target=\"_blank\" rel=\"noopener\"><img loading=\"lazy\" decoding=\"async\" class=\"wp-image-13595 aligncenter\" src=\"https:\/\/educharlevoix.ca\/cse\/wp-content\/uploads\/2021\/03\/3592870-brochure-document-menu-note-office-page-papers_107750-300x300.png\" alt=\"\" width=\"52\" height=\"52\" srcset=\"https:\/\/educharlevoix.ca\/cse\/wp-content\/uploads\/2021\/03\/3592870-brochure-document-menu-note-office-page-papers_107750-300x300.png 300w, https:\/\/educharlevoix.ca\/cse\/wp-content\/uploads\/2021\/03\/3592870-brochure-document-menu-note-office-page-papers_107750-150x150.png 150w, https:\/\/educharlevoix.ca\/cse\/wp-content\/uploads\/2021\/03\/3592870-brochure-document-menu-note-office-page-papers_107750.png 512w\" sizes=\"auto, (max-width: 52px) 100vw, 52px\" \/><\/a><\/td>\n<td>\n<h2><a href=\"https:\/\/cscharlevoix.sharepoint.com\/:f:\/r\/sites\/serviceseducatifs\/Documents%20partages\/Adaptation%20scolaire-Inclusion\/Flexibilit%C3%A9,%20adaptation,%20modification\/Mesures%20de%20flexibilit%C3%A9%20et%20d%27adaptation?csf=1&amp;web=1&amp;e=0MUzvi\" target=\"_blank\" rel=\"noopener\">Mesures de flexibilit\u00e9 et d&rsquo;adaptation<\/a><\/h2>\n<h3><a href=\"https:\/\/cscharlevoix.sharepoint.com\/:b:\/r\/sites\/serviceseducatifs\/Documents%20partages\/Adaptation%20scolaire-Inclusion\/Flexibilit%C3%A9,%20adaptation,%20modification\/Info-Sanction-21-22-32-Mesures%20adaptation-VF.pdf?csf=1&amp;web=1&amp;e=3YNwUC\" target=\"_blank\" rel=\"noopener\">Mesures d&rsquo;adaptation pouvant \u00eatre autoris\u00e9es lors des \u00e9preuves minist\u00e9rielles<\/a><\/h3>\n<\/td>\n<\/tr>\n<tr>\n<td><a href=\"https:\/\/cscharlevoix.sharepoint.com\/:f:\/r\/sites\/serviceseducatifs\/Documents%20partages\/Adaptation%20scolaire-Inclusion\/Orthop%C3%A9dagogie\/30810?csf=1&amp;web=1&amp;e=L4s95e\" target=\"_blank\" rel=\"noopener\"><img loading=\"lazy\" decoding=\"async\" class=\"aligncenter size-full wp-image-15781\" src=\"https:\/\/educharlevoix.ca\/cse\/wp-content\/uploads\/2023\/09\/1562687-code-computer-creative-html-process-technology-web-development_107058.png\" alt=\"\" width=\"64\" height=\"64\" \/><\/a><\/td>\n<td>\n<h2><a href=\"https:\/\/cscharlevoix.sharepoint.com\/:f:\/r\/sites\/serviceseducatifs\/Documents%20partages\/Adaptation%20scolaire-Inclusion\/Orthop%C3%A9dagogie\/30810?csf=1&amp;web=1&amp;e=L4s95e\" target=\"_blank\" rel=\"noopener\">Formulaires &#8211; Demandes mesure 30810<\/a><\/h2>\n<\/td>\n<\/tr>\n<\/tbody>\n<\/table>\n<h1><strong>Modification des attentes<\/strong><\/h1>\n<h2>Suivi des apprentissages et plan de travail individualis\u00e9<\/h2>\n<table>\n<tbody>\n<tr>\n<td><a href=\"https:\/\/cscharlevoix.sharepoint.com\/:b:\/r\/sites\/serviceseducatifs\/Documents%20partages\/Adaptation%20scolaire-Inclusion\/Flexibilit%C3%A9,%20adaptation,%20modification\/Modification%20des%20attentes\/Pistes%20de%20r%C3%A9flexion%20de%20la%20modification%20(4%20phases)_22-08-2022.pdf?csf=1&amp;web=1&amp;e=XNFFkr\" target=\"_blank\" rel=\"noopener\"><img loading=\"lazy\" decoding=\"async\" class=\"wp-image-13943 aligncenter\" src=\"https:\/\/educharlevoix.ca\/cse\/wp-content\/uploads\/2021\/09\/iconfinder-settings-4341324_120534-300x300.png\" alt=\"\" width=\"51\" height=\"51\" srcset=\"https:\/\/educharlevoix.ca\/cse\/wp-content\/uploads\/2021\/09\/iconfinder-settings-4341324_120534-300x300.png 300w, https:\/\/educharlevoix.ca\/cse\/wp-content\/uploads\/2021\/09\/iconfinder-settings-4341324_120534-150x150.png 150w, https:\/\/educharlevoix.ca\/cse\/wp-content\/uploads\/2021\/09\/iconfinder-settings-4341324_120534.png 512w\" sizes=\"auto, (max-width: 51px) 100vw, 51px\" \/><\/a><\/td>\n<td>\n<h2><a href=\"https:\/\/cscharlevoix.sharepoint.com\/:b:\/r\/sites\/serviceseducatifs\/Documents%20partages\/Adaptation%20scolaire-Inclusion\/Flexibilit%C3%A9,%20adaptation,%20modification\/Modification%20des%20attentes\/Pistes%20de%20r%C3%A9flexion%20de%20la%20modification%20(4%20phases)_22-08-2022.pdf?csf=1&amp;web=1&amp;e=XNFFkr\" target=\"_blank\" rel=\"noopener\">Pistes de r\u00e9flexion de la modification (4 phases)<\/a><\/h2>\n<\/td>\n<\/tr>\n<tr>\n<td><a href=\"https:\/\/cscharlevoix.sharepoint.com\/:b:\/s\/serviceseducatifs\/EdbxTAiPIZpDoZbWG0BFYTwBh8YJssBVxkHPa0H6QjSKkQ?e=gbNxTI\"><img loading=\"lazy\" decoding=\"async\" class=\"wp-image-13596 aligncenter\" src=\"https:\/\/educharlevoix.ca\/cse\/wp-content\/uploads\/2021\/03\/4288583documentfileresearchresumesearch-115773_115740-300x300.png\" alt=\"\" width=\"66\" height=\"66\" srcset=\"https:\/\/educharlevoix.ca\/cse\/wp-content\/uploads\/2021\/03\/4288583documentfileresearchresumesearch-115773_115740-300x300.png 300w, https:\/\/educharlevoix.ca\/cse\/wp-content\/uploads\/2021\/03\/4288583documentfileresearchresumesearch-115773_115740-150x150.png 150w, https:\/\/educharlevoix.ca\/cse\/wp-content\/uploads\/2021\/03\/4288583documentfileresearchresumesearch-115773_115740.png 512w\" sizes=\"auto, (max-width: 66px) 100vw, 66px\" \/><\/a><\/td>\n<td>\n<h2><a href=\"https:\/\/cscharlevoix.sharepoint.com\/:b:\/r\/sites\/serviceseducatifs\/Documents%20partages\/Adaptation%20scolaire-Inclusion\/Flexibilit%C3%A9,%20adaptation,%20modification\/Modification%20des%20attentes\/Suivi%20des%20apprentissages%20(PTI)\/1-Guide_Suivi%20des%20apprentissages%20en%20contexte%20de%20modification.pdf?csf=1&amp;web=1&amp;e=49v64v\" target=\"_blank\" rel=\"noopener\">Guide du suivi des apprentissages &#8211; Comit\u00e9 r\u00e9gional 03-12<\/a><\/h2>\n<\/td>\n<\/tr>\n<tr>\n<td><a href=\"https:\/\/cscharlevoix.sharepoint.com\/:x:\/s\/serviceseducatifs\/EZSY_CivylJCuqMuJa8ce5EBN2eaR9581sewYyqOgVxqpQ?e=GWHIhV\"><img loading=\"lazy\" decoding=\"async\" class=\"wp-image-13596 aligncenter\" src=\"https:\/\/educharlevoix.ca\/cse\/wp-content\/uploads\/2021\/03\/4288583documentfileresearchresumesearch-115773_115740-300x300.png\" alt=\"\" width=\"68\" height=\"68\" srcset=\"https:\/\/educharlevoix.ca\/cse\/wp-content\/uploads\/2021\/03\/4288583documentfileresearchresumesearch-115773_115740-300x300.png 300w, https:\/\/educharlevoix.ca\/cse\/wp-content\/uploads\/2021\/03\/4288583documentfileresearchresumesearch-115773_115740-150x150.png 150w, https:\/\/educharlevoix.ca\/cse\/wp-content\/uploads\/2021\/03\/4288583documentfileresearchresumesearch-115773_115740.png 512w\" sizes=\"auto, (max-width: 68px) 100vw, 68px\" \/><\/a><\/td>\n<td>\n<h2><a href=\"https:\/\/cscharlevoix.sharepoint.com\/:x:\/r\/sites\/serviceseducatifs\/Documents%20partages\/Adaptation%20scolaire-Inclusion\/Flexibilit%C3%A9,%20adaptation,%20modification\/Modification%20des%20attentes\/Suivi%20des%20apprentissages%20(PTI)\/2-Suivi%20des%20apprentissages.xlsx?d=wfc2f2eb2cfd441fba4cb6e1b86e2b0db&amp;csf=1&amp;web=1&amp;e=yvYCjv\" target=\"_blank\" rel=\"noopener\">Canevas du suivi des apprentissages &#8211; Excel &#8211; Comit\u00e9 r\u00e9gional 03-12<\/a><\/h2>\n<\/td>\n<\/tr>\n<tr>\n<td><a href=\"https:\/\/cscharlevoix.sharepoint.com\/:w:\/s\/serviceseducatifs\/EZI2dHlU8ntJr0FkR4zhyYYBtlnKGwmqSYYwlx0UO8FWJA?e=D9JEdP\"><img loading=\"lazy\" decoding=\"async\" class=\"wp-image-13596 aligncenter\" src=\"https:\/\/educharlevoix.ca\/cse\/wp-content\/uploads\/2021\/03\/4288583documentfileresearchresumesearch-115773_115740-300x300.png\" alt=\"\" width=\"70\" height=\"70\" srcset=\"https:\/\/educharlevoix.ca\/cse\/wp-content\/uploads\/2021\/03\/4288583documentfileresearchresumesearch-115773_115740-300x300.png 300w, https:\/\/educharlevoix.ca\/cse\/wp-content\/uploads\/2021\/03\/4288583documentfileresearchresumesearch-115773_115740-150x150.png 150w, https:\/\/educharlevoix.ca\/cse\/wp-content\/uploads\/2021\/03\/4288583documentfileresearchresumesearch-115773_115740.png 512w\" sizes=\"auto, (max-width: 70px) 100vw, 70px\" \/><\/a><\/td>\n<td>\n<h2><a href=\"https:\/\/cscharlevoix.sharepoint.com\/:f:\/s\/serviceseducatifs\/Eu5OqZbkZwJKiJBJcG4x43YBYMYa4kc17HwcfzO_Q8Vmkw?e=NIUXQh\" target=\"_blank\" rel=\"noopener\">Suivi des apprentissages (\u00c9toiles PDA par niveau scolaire)<\/a><\/h2>\n<\/td>\n<\/tr>\n<tr>\n<td style=\"text-align: center;\"><img loading=\"lazy\" decoding=\"async\" class=\"aligncenter size-full wp-image-15783\" src=\"https:\/\/educharlevoix.ca\/cse\/wp-content\/uploads\/2023\/09\/product_document_file_1512.png\" alt=\"\" width=\"64\" height=\"64\" \/><\/td>\n<td>\n<h2><a href=\"https:\/\/cscharlevoix.sharepoint.com\/:f:\/r\/sites\/serviceseducatifs\/Documents%20partages\/Adaptation%20scolaire-Inclusion\/Flexibilit%C3%A9,%20adaptation,%20modification\/Modification%20des%20attentes\/Activit%C3%A9s%20pour%20%C3%A9l%C3%A8ves%20en%20modification?csf=1&amp;web=1&amp;e=H55LnJ\" target=\"_blank\" rel=\"noopener\">Activit\u00e9s pour \u00e9l\u00e8ves en modification<\/a><\/h2>\n<\/td>\n<\/tr>\n<\/tbody>\n<\/table>\n<hr \/>\n","protected":false},"excerpt":{"rendered":"<p>Diff\u00e9renciation p\u00e9dagogique Guide d&rsquo;accompagnement sur les mesures de diff\u00e9renciation CSSDC D\u00e9marche d&rsquo;aide \u00e0 la d\u00e9cision de la modification des attentes &#8211; CSSDC La diff\u00e9renciation expliqu\u00e9e aux parents Mesures de flexibilit\u00e9 et d&rsquo;adaptation Mesures de flexibilit\u00e9 et d&rsquo;adaptation Mesures d&rsquo;adaptation pouvant &hellip; <\/p>\n","protected":false},"author":7,"featured_media":0,"parent":0,"menu_order":0,"comment_status":"closed","ping_status":"closed","template":"","meta":{"cybocfi_hide_featured_image":"","footnotes":""},"categories":[1,13],"tags":[],"class_list":["post-13534","page","type-page","status-publish","hentry","category-adaptation-scolaire-inclusion","category-flexibilite-adaptation-modification"],"_links":{"self":[{"href":"https:\/\/educharlevoix.ca\/cse\/wp-json\/wp\/v2\/pages\/13534","targetHints":{"allow":["GET"]}}],"collection":[{"href":"https:\/\/educharlevoix.ca\/cse\/wp-json\/wp\/v2\/pages"}],"about":[{"href":"https:\/\/educharlevoix.ca\/cse\/wp-json\/wp\/v2\/types\/page"}],"author":[{"embeddable":true,"href":"https:\/\/educharlevoix.ca\/cse\/wp-json\/wp\/v2\/users\/7"}],"replies":[{"embeddable":true,"href":"https:\/\/educharlevoix.ca\/cse\/wp-json\/wp\/v2\/comments?post=13534"}],"version-history":[{"count":4,"href":"https:\/\/educharlevoix.ca\/cse\/wp-json\/wp\/v2\/pages\/13534\/revisions"}],"predecessor-version":[{"id":16331,"href":"https:\/\/educharlevoix.ca\/cse\/wp-json\/wp\/v2\/pages\/13534\/revisions\/16331"}],"wp:attachment":[{"href":"https:\/\/educharlevoix.ca\/cse\/wp-json\/wp\/v2\/media?parent=13534"}],"wp:term":[{"taxonomy":"category","embeddable":true,"href":"https:\/\/educharlevoix.ca\/cse\/wp-json\/wp\/v2\/categories?post=13534"},{"taxonomy":"post_tag","embeddable":true,"href":"https:\/\/educharlevoix.ca\/cse\/wp-json\/wp\/v2\/tags?post=13534"}],"curies":[{"name":"wp","href":"https:\/\/api.w.org\/{rel}","templated":true}]}}