{"id":13620,"date":"2021-03-30T15:46:08","date_gmt":"2021-03-30T19:46:08","guid":{"rendered":"https:\/\/educharlevoix.ca\/cse\/?page_id=13620"},"modified":"2023-06-02T08:28:14","modified_gmt":"2023-06-02T12:28:14","slug":"education-prescolaire","status":"publish","type":"page","link":"https:\/\/educharlevoix.ca\/cse\/education-prescolaire\/","title":{"rendered":"\u00c9ducation pr\u00e9scolaire"},"content":{"rendered":"<h3>Cliquez sur les ic\u00f4nes ou les titres pour acc\u00e9der au contenu \u00e0 consulter.<\/h3>\n<table>\n<tbody>\n<tr>\n<td style=\"text-align: center; vertical-align: middle;\"><img loading=\"lazy\" decoding=\"async\" class=\"wp-image-15644 aligncenter\" src=\"https:\/\/educharlevoix.ca\/cse\/wp-content\/uploads\/2023\/06\/repose_doss_icon_140080-min-e1685707969293-300x300.png\" alt=\"\" width=\"62\" height=\"62\" srcset=\"https:\/\/educharlevoix.ca\/cse\/wp-content\/uploads\/2023\/06\/repose_doss_icon_140080-min-e1685707969293.png 300w, https:\/\/educharlevoix.ca\/cse\/wp-content\/uploads\/2023\/06\/repose_doss_icon_140080-min-e1685707969293-150x150.png 150w\" sizes=\"auto, (max-width: 62px) 100vw, 62px\" \/><\/td>\n<td>\n<h3><a href=\"https:\/\/cscharlevoix.sharepoint.com\/:f:\/s\/serviceseducatifs\/EsmVOmpkx9lPlGdTwp3Qc7MBYTNiA87z1lsv9TwWl1PJjg?e=B5L5mG\" target=\"_blank\" rel=\"noopener\">Trousse d\u2019exploration de la d\u00e9tente au pr\u00e9scolaire<\/a><\/h3>\n<\/td>\n<\/tr>\n<tr>\n<td style=\"text-align: center; vertical-align: middle;\"><a href=\"https:\/\/cscharlevoix.sharepoint.com\/:f:\/s\/serviceseducatifs\/EnNSZuqmWIxChkyG7KqjXnUBz00Ir9AbuzZ6UHZusPIDEg?e=BdOeLn\" target=\"_blank\" rel=\"noopener\"><img loading=\"lazy\" decoding=\"async\" class=\"alignnone wp-image-13618\" src=\"https:\/\/educharlevoix.ca\/cse\/wp-content\/uploads\/2021\/03\/high-five-black-hand-silhouette_icon-icons.com_64346-300x300.png\" alt=\"\" width=\"42\" height=\"42\" srcset=\"https:\/\/educharlevoix.ca\/cse\/wp-content\/uploads\/2021\/03\/high-five-black-hand-silhouette_icon-icons.com_64346-300x300.png 300w, https:\/\/educharlevoix.ca\/cse\/wp-content\/uploads\/2021\/03\/high-five-black-hand-silhouette_icon-icons.com_64346-150x150.png 150w, https:\/\/educharlevoix.ca\/cse\/wp-content\/uploads\/2021\/03\/high-five-black-hand-silhouette_icon-icons.com_64346.png 512w\" sizes=\"auto, (max-width: 42px) 100vw, 42px\" \/><\/a><\/td>\n<td>\n<h3><a href=\"https:\/\/cscharlevoix.sharepoint.com\/:f:\/s\/serviceseducatifs\/EnNSZuqmWIxChkyG7KqjXnUBz00Ir9AbuzZ6UHZusPIDEg?e=BdOeLn\" target=\"_blank\" rel=\"noopener\">Pictogrammes<\/a><\/h3>\n<\/td>\n<\/tr>\n<tr>\n<td style=\"text-align: center; vertical-align: middle;\"><a href=\"https:\/\/teams.microsoft.com\/l\/team\/19%3a41b20b6a99f14e4489873c01d9d03ac2%40thread.skype\/conversations?groupId=fb8187eb-c61f-4211-b8f0-7df0b03ec5ed&amp;tenantId=75a38bb8-61ef-4e43-93d4-0933cd627bba\" target=\"_blank\" rel=\"noopener\"><img loading=\"lazy\" decoding=\"async\" class=\"alignnone wp-image-13579\" src=\"https:\/\/educharlevoix.ca\/cse\/wp-content\/uploads\/2021\/03\/teams_icon_161059.png\" alt=\"\" width=\"49\" height=\"50\" srcset=\"https:\/\/educharlevoix.ca\/cse\/wp-content\/uploads\/2021\/03\/teams_icon_161059.png 251w, https:\/\/educharlevoix.ca\/cse\/wp-content\/uploads\/2021\/03\/teams_icon_161059-150x150.png 150w\" sizes=\"auto, (max-width: 49px) 100vw, 49px\" \/><\/a><\/td>\n<td>\n<h3><a href=\"https:\/\/teams.microsoft.com\/l\/team\/19%3a41b20b6a99f14e4489873c01d9d03ac2%40thread.skype\/conversations?groupId=fb8187eb-c61f-4211-b8f0-7df0b03ec5ed&amp;tenantId=75a38bb8-61ef-4e43-93d4-0933cd627bba\" target=\"_blank\" rel=\"noopener\">\u00c9quipe TEAMS du pr\u00e9scolaire<\/a><\/h3>\n<\/td>\n<\/tr>\n<tr>\n<td style=\"text-align: center; vertical-align: middle;\"><a href=\"http:\/\/www.education.gouv.qc.ca\/fileadmin\/site_web\/documents\/education\/jeunes\/pfeq\/Programme-cycle-prescolaire.pdf\" target=\"_blank\" rel=\"noopener\"><img loading=\"lazy\" decoding=\"async\" class=\"alignnone wp-image-13595\" src=\"https:\/\/educharlevoix.ca\/cse\/wp-content\/uploads\/2021\/03\/3592870-brochure-document-menu-note-office-page-papers_107750-300x300.png\" alt=\"\" width=\"39\" height=\"39\" srcset=\"https:\/\/educharlevoix.ca\/cse\/wp-content\/uploads\/2021\/03\/3592870-brochure-document-menu-note-office-page-papers_107750-300x300.png 300w, https:\/\/educharlevoix.ca\/cse\/wp-content\/uploads\/2021\/03\/3592870-brochure-document-menu-note-office-page-papers_107750-150x150.png 150w, https:\/\/educharlevoix.ca\/cse\/wp-content\/uploads\/2021\/03\/3592870-brochure-document-menu-note-office-page-papers_107750.png 512w\" sizes=\"auto, (max-width: 39px) 100vw, 39px\" \/><\/a><\/td>\n<td>\n<h3><a href=\"http:\/\/www.education.gouv.qc.ca\/fileadmin\/site_web\/documents\/education\/jeunes\/pfeq\/Programme-cycle-prescolaire.pdf\" target=\"_blank\" rel=\"noopener\">Programme-cycle<\/a><\/h3>\n<\/td>\n<\/tr>\n<tr>\n<td style=\"text-align: center; vertical-align: middle;\"><a href=\"https:\/\/fr.padlet.com\/cynthiajacques\/u5wsq54f7p4jiee4\" target=\"_blank\" rel=\"noopener\"><img loading=\"lazy\" decoding=\"async\" class=\"alignnone wp-image-13642\" src=\"https:\/\/educharlevoix.ca\/cse\/wp-content\/uploads\/2021\/03\/ef1210d4305560b0eb3acf6500d5099c-300x300.png\" alt=\"\" width=\"55\" height=\"55\" srcset=\"https:\/\/educharlevoix.ca\/cse\/wp-content\/uploads\/2021\/03\/ef1210d4305560b0eb3acf6500d5099c-300x300.png 300w, https:\/\/educharlevoix.ca\/cse\/wp-content\/uploads\/2021\/03\/ef1210d4305560b0eb3acf6500d5099c-150x150.png 150w, https:\/\/educharlevoix.ca\/cse\/wp-content\/uploads\/2021\/03\/ef1210d4305560b0eb3acf6500d5099c.png 500w\" sizes=\"auto, (max-width: 55px) 100vw, 55px\" \/><\/a><\/td>\n<td>\n<h3><a href=\"https:\/\/fr.padlet.com\/cynthiajacques\/u5wsq54f7p4jiee4\" target=\"_blank\" rel=\"noopener\">Padlet de Cynthia Jacques (conseill\u00e8re p\u00e9dagogique)<\/a><\/h3>\n<\/td>\n<\/tr>\n<tr>\n<td style=\"text-align: center; vertical-align: middle;\"><a href=\"https:\/\/recitpresco.qc.ca\/\" target=\"_blank\" rel=\"noopener\"><img loading=\"lazy\" decoding=\"async\" class=\"alignnone wp-image-13643\" src=\"https:\/\/educharlevoix.ca\/cse\/wp-content\/uploads\/2021\/03\/logo_recit-300x300.png\" alt=\"\" width=\"48\" height=\"48\" \/><\/a><\/td>\n<td>\n<h3><a href=\"https:\/\/recitpresco.qc.ca\/\" target=\"_blank\" rel=\"noopener\">R\u00c9CIT du pr\u00e9scolaire<\/a><\/h3>\n<\/td>\n<\/tr>\n<tr>\n<td style=\"text-align: center; vertical-align: middle;\"><a href=\"https:\/\/www.aepq.ca\/\" target=\"_blank\" rel=\"noopener\"><img loading=\"lazy\" decoding=\"async\" class=\"alignnone wp-image-13644\" src=\"https:\/\/educharlevoix.ca\/cse\/wp-content\/uploads\/2021\/03\/LOGO_AEPQ_couleur_site2-e1436287454424-300x270.jpg\" alt=\"\" width=\"48\" height=\"44\" srcset=\"https:\/\/educharlevoix.ca\/cse\/wp-content\/uploads\/2021\/03\/LOGO_AEPQ_couleur_site2-e1436287454424-300x270.jpg 300w, https:\/\/educharlevoix.ca\/cse\/wp-content\/uploads\/2021\/03\/LOGO_AEPQ_couleur_site2-e1436287454424.jpg 333w\" sizes=\"auto, (max-width: 48px) 100vw, 48px\" \/><\/a><\/td>\n<td>\n<h3><a href=\"https:\/\/www.aepq.ca\/\" target=\"_blank\" rel=\"noopener\">Association d&rsquo;\u00e9ducation pr\u00e9scolaire du Qu\u00e9bec<\/a><\/h3>\n<\/td>\n<\/tr>\n<tr>\n<td style=\"text-align: center; vertical-align: middle;\"><img loading=\"lazy\" decoding=\"async\" class=\"\" src=\"https:\/\/cdn.icon-icons.com\/icons2\/1875\/PNG\/512\/qrcodescan_120401.png\" alt=\"Ic\u00f4ne qr code, scan\" width=\"47\" height=\"47\" \/><\/td>\n<td>\n<h3><a href=\"https:\/\/cscharlevoix.sharepoint.com\/:f:\/s\/serviceseducatifs\/EidW0hEG5hVFryfpef5P3EYBJgYqI5y9rJJYODWgH2aOFg?e=jyjPdB\" target=\"_blank\" rel=\"noopener\">Utilisation p\u00e9dagogique du code QR\u00a0<\/a><\/h3>\n<\/td>\n<\/tr>\n<\/tbody>\n<\/table>\n","protected":false},"excerpt":{"rendered":"<p>Cliquez sur les ic\u00f4nes ou les titres pour acc\u00e9der au contenu \u00e0 consulter. Trousse d\u2019exploration de la d\u00e9tente au pr\u00e9scolaire Pictogrammes \u00c9quipe TEAMS du pr\u00e9scolaire Programme-cycle Padlet de Cynthia Jacques (conseill\u00e8re p\u00e9dagogique) R\u00c9CIT du pr\u00e9scolaire Association d&rsquo;\u00e9ducation pr\u00e9scolaire du Qu\u00e9bec &hellip; <\/p>\n","protected":false},"author":7,"featured_media":0,"parent":0,"menu_order":0,"comment_status":"closed","ping_status":"closed","template":"","meta":{"cybocfi_hide_featured_image":"","footnotes":""},"categories":[],"tags":[],"class_list":["post-13620","page","type-page","status-publish","hentry"],"_links":{"self":[{"href":"https:\/\/educharlevoix.ca\/cse\/wp-json\/wp\/v2\/pages\/13620","targetHints":{"allow":["GET"]}}],"collection":[{"href":"https:\/\/educharlevoix.ca\/cse\/wp-json\/wp\/v2\/pages"}],"about":[{"href":"https:\/\/educharlevoix.ca\/cse\/wp-json\/wp\/v2\/types\/page"}],"author":[{"embeddable":true,"href":"https:\/\/educharlevoix.ca\/cse\/wp-json\/wp\/v2\/users\/7"}],"replies":[{"embeddable":true,"href":"https:\/\/educharlevoix.ca\/cse\/wp-json\/wp\/v2\/comments?post=13620"}],"version-history":[{"count":3,"href":"https:\/\/educharlevoix.ca\/cse\/wp-json\/wp\/v2\/pages\/13620\/revisions"}],"predecessor-version":[{"id":16066,"href":"https:\/\/educharlevoix.ca\/cse\/wp-json\/wp\/v2\/pages\/13620\/revisions\/16066"}],"wp:attachment":[{"href":"https:\/\/educharlevoix.ca\/cse\/wp-json\/wp\/v2\/media?parent=13620"}],"wp:term":[{"taxonomy":"category","embeddable":true,"href":"https:\/\/educharlevoix.ca\/cse\/wp-json\/wp\/v2\/categories?post=13620"},{"taxonomy":"post_tag","embeddable":true,"href":"https:\/\/educharlevoix.ca\/cse\/wp-json\/wp\/v2\/tags?post=13620"}],"curies":[{"name":"wp","href":"https:\/\/api.w.org\/{rel}","templated":true}]}}