{"id":13651,"date":"2021-04-08T08:36:19","date_gmt":"2021-04-08T12:36:19","guid":{"rendered":"https:\/\/educharlevoix.ca\/cse\/?page_id=13651"},"modified":"2025-09-02T09:47:52","modified_gmt":"2025-09-02T13:47:52","slug":"univers-social-secondaire","status":"publish","type":"page","link":"https:\/\/educharlevoix.ca\/cse\/univers-social-secondaire\/","title":{"rendered":"Univers social"},"content":{"rendered":"<h3><\/h3>\n<table>\n<tbody>\n<tr>\n<td style=\"text-align: center; vertical-align: middle;\"><a href=\"https:\/\/cscharlevoix.sharepoint.com\/:f:\/r\/sites\/serviceseducatifs\/Documents%20partages\/Secondaire\/Univers%20social?csf=1&amp;web=1&amp;e=DZlisx\" target=\"_blank\" rel=\"noopener\"><img loading=\"lazy\" decoding=\"async\" class=\"alignnone wp-image-13594\" src=\"https:\/\/educharlevoix.ca\/cse\/wp-content\/uploads\/2021\/03\/astronomy_earth_galaxy_planet_space_system_universe_icon_156881-300x300.png\" alt=\"\" width=\"50\" height=\"50\" srcset=\"https:\/\/educharlevoix.ca\/cse\/wp-content\/uploads\/2021\/03\/astronomy_earth_galaxy_planet_space_system_universe_icon_156881-300x300.png 300w, https:\/\/educharlevoix.ca\/cse\/wp-content\/uploads\/2021\/03\/astronomy_earth_galaxy_planet_space_system_universe_icon_156881-150x150.png 150w, https:\/\/educharlevoix.ca\/cse\/wp-content\/uploads\/2021\/03\/astronomy_earth_galaxy_planet_space_system_universe_icon_156881.png 512w\" sizes=\"auto, (max-width: 50px) 100vw, 50px\" \/><\/a><\/td>\n<td>\n<h3><a style=\"font-family: inherit; font-size: inherit;\" href=\"https:\/\/cscharlevoix.sharepoint.com\/:f:\/r\/sites\/serviceseducatifs\/Documents%20partages\/Secondaire\/Univers%20social?csf=1&amp;web=1&amp;e=DZlisx\" target=\"_blank\" rel=\"noopener\">Mat\u00e9riel p\u00e9dagogique (SharePoint)<\/a><\/h3>\n<\/td>\n<\/tr>\n<tr>\n<td style=\"text-align: center; vertical-align: middle;\"><a href=\"https:\/\/cscharlevoix.sharepoint.com\/:f:\/r\/sites\/serviceseducatifs\/Documents%20partages\/Adaptation%20scolaire-Inclusion\/Flexibilit%C3%A9,%20adaptation,%20modification\/Diff%C3%A9renciation%20secondaire\/Univers%20social?csf=1&amp;web=1&amp;e=rnfHKD\" target=\"_blank\" rel=\"noopener\"><img loading=\"lazy\" decoding=\"async\" class=\"alignnone wp-image-15357 \" src=\"https:\/\/educharlevoix.ca\/cse\/wp-content\/uploads\/2022\/11\/FAM-e1669215143997.png\" alt=\"\" width=\"125\" height=\"64\" \/><\/a><\/td>\n<td>\n<h3><a href=\"https:\/\/cscharlevoix.sharepoint.com\/:f:\/r\/sites\/serviceseducatifs\/Documents%20partages\/Adaptation%20scolaire-Inclusion\/Flexibilit%C3%A9,%20adaptation,%20modification\/Diff%C3%A9renciation%20secondaire\/Univers%20social?csf=1&amp;web=1&amp;e=rnfHKD\" target=\"_blank\" rel=\"noopener\">Diff\u00e9renciation p\u00e9dagogique &#8211; Univers social secondaire<\/a><\/h3>\n<\/td>\n<\/tr>\n<tr>\n<td style=\"text-align: center; vertical-align: middle;\"><a href=\"https:\/\/histoire.recitus.qc.ca\/\" target=\"_blank\" rel=\"noopener\"><img loading=\"lazy\" decoding=\"async\" class=\"alignnone wp-image-15307 \" src=\"https:\/\/educharlevoix.ca\/cse\/wp-content\/uploads\/2022\/10\/Capture-1.png\" alt=\"\" width=\"56\" height=\"71\" srcset=\"https:\/\/educharlevoix.ca\/cse\/wp-content\/uploads\/2022\/10\/Capture-1.png 271w, https:\/\/educharlevoix.ca\/cse\/wp-content\/uploads\/2022\/10\/Capture-1-236x300.png 236w\" sizes=\"auto, (max-width: 56px) 100vw, 56px\" \/><\/a><\/td>\n<td>\n<h3><a style=\"font-family: inherit; font-size: inherit;\" href=\"https:\/\/histoire.recitus.qc.ca\/\" target=\"_blank\" rel=\"noopener\">R\u00e9citUS &#8211; Histoire du Qu\u00e9bec et du Canada 3 et 4<\/a><\/h3>\n<\/td>\n<\/tr>\n<tr>\n<td>\n<h3><a href=\"https:\/\/www.recitus.qc.ca\/ressources\/secondaire\" target=\"_blank\" rel=\"noopener\"><img loading=\"lazy\" decoding=\"async\" class=\"aligncenter wp-image-13643 \" src=\"https:\/\/educharlevoix.ca\/cse\/wp-content\/uploads\/2021\/03\/logo_recit-e1669218626633.png\" alt=\"\" width=\"80\" height=\"80\" srcset=\"https:\/\/educharlevoix.ca\/cse\/wp-content\/uploads\/2021\/03\/logo_recit-e1669218626633.png 300w, https:\/\/educharlevoix.ca\/cse\/wp-content\/uploads\/2021\/03\/logo_recit-e1669218626633-150x150.png 150w\" sizes=\"auto, (max-width: 80px) 100vw, 80px\" \/><\/a><\/h3>\n<\/td>\n<td>\n<h3><a href=\"https:\/\/www.recitus.qc.ca\/ressources\/secondaire\" target=\"_blank\" rel=\"noopener\">R\u00c9CIT &#8211; Univers social<\/a><\/h3>\n<\/td>\n<\/tr>\n<tr>\n<td><a href=\"https:\/\/www.quebec.ca\/education\/prescolaire-primaire-et-secondaire\/programmes-formations-evaluation\/epreuves-ministerielles-evaluation-apprentissages\/epreuves-ministerielles\" target=\"_blank\" rel=\"noopener\"><img loading=\"lazy\" decoding=\"async\" class=\"aligncenter wp-image-15282\" src=\"https:\/\/educharlevoix.ca\/cse\/wp-content\/uploads\/2022\/10\/capture-e1666116935514.png\" alt=\"\" width=\"115\" height=\"62\" \/><\/a><\/td>\n<td>\n<h3><a href=\"https:\/\/www.quebec.ca\/education\/prescolaire-primaire-et-secondaire\/programmes-formations-evaluation\/epreuves-ministerielles-evaluation-apprentissages\/epreuves-ministerielles\" target=\"_blank\" rel=\"noopener\">Documents d&rsquo;information sur l&rsquo;\u00e9preuve minist\u00e9rielle HQC4<\/a><\/h3>\n<\/td>\n<\/tr>\n<tr>\n<td style=\"text-align: center;\"><a href=\"https:\/\/cscharlevoix-my.sharepoint.com\/:l:\/g\/personal\/emilie_labbe_cscharlevoix_qc_ca\/FIqWfkh56XRHn108bcvr_SIBk8mS4Hha9WRVKIcW2F1cEw?e=HnbCBM\" target=\"_blank\" rel=\"noopener\"><img loading=\"lazy\" decoding=\"async\" class=\"aligncenter wp-image-15105\" src=\"https:\/\/educharlevoix.ca\/cse\/wp-content\/uploads\/2022\/09\/Microsoft-Lists_icon-e1663353365822.png\" alt=\"\" width=\"68\" height=\"68\" srcset=\"https:\/\/educharlevoix.ca\/cse\/wp-content\/uploads\/2022\/09\/Microsoft-Lists_icon-e1663353365822.png 200w, https:\/\/educharlevoix.ca\/cse\/wp-content\/uploads\/2022\/09\/Microsoft-Lists_icon-e1663353365822-150x150.png 150w\" sizes=\"auto, (max-width: 68px) 100vw, 68px\" \/><\/a><\/td>\n<td>\n<h3><a href=\"https:\/\/cscharlevoix-my.sharepoint.com\/:l:\/g\/personal\/emilie_labbe_cscharlevoix_qc_ca\/FIqWfkh56XRHn108bcvr_SIBk8mS4Hha9WRVKIcW2F1cEw?e=HnbCBM\" target=\"_blank\" rel=\"noopener\">Livres didactiques<\/a><\/h3>\n<\/td>\n<\/tr>\n<tr>\n<td style=\"text-align: center;\"><img loading=\"lazy\" decoding=\"async\" class=\"aligncenter size-full wp-image-15282\" src=\"https:\/\/educharlevoix.ca\/cse\/wp-content\/uploads\/2022\/10\/capture-e1666116935514.png\" alt=\"\" width=\"150\" height=\"81\" \/><\/td>\n<td>\n<h3><a href=\"https:\/\/www.quebec.ca\/education\/prescolaire-primaire-et-secondaire\/ressources-outils-reseau-scolaire\/sessions-formation-information\" target=\"_blank\" rel=\"noopener\">Offre de formation du MEQ<\/a><\/h3>\n<\/td>\n<\/tr>\n<\/tbody>\n<\/table>\n","protected":false},"excerpt":{"rendered":"<p>Mat\u00e9riel p\u00e9dagogique (SharePoint) Diff\u00e9renciation p\u00e9dagogique &#8211; Univers social secondaire R\u00e9citUS &#8211; Histoire du Qu\u00e9bec et du Canada 3 et 4 R\u00c9CIT &#8211; Univers social Documents d&rsquo;information sur l&rsquo;\u00e9preuve minist\u00e9rielle HQC4 Livres didactiques Offre de formation du MEQ<\/p>\n","protected":false},"author":7,"featured_media":0,"parent":0,"menu_order":0,"comment_status":"closed","ping_status":"closed","template":"","meta":{"cybocfi_hide_featured_image":"","footnotes":""},"categories":[],"tags":[],"class_list":["post-13651","page","type-page","status-publish","hentry"],"_links":{"self":[{"href":"https:\/\/educharlevoix.ca\/cse\/wp-json\/wp\/v2\/pages\/13651","targetHints":{"allow":["GET"]}}],"collection":[{"href":"https:\/\/educharlevoix.ca\/cse\/wp-json\/wp\/v2\/pages"}],"about":[{"href":"https:\/\/educharlevoix.ca\/cse\/wp-json\/wp\/v2\/types\/page"}],"author":[{"embeddable":true,"href":"https:\/\/educharlevoix.ca\/cse\/wp-json\/wp\/v2\/users\/7"}],"replies":[{"embeddable":true,"href":"https:\/\/educharlevoix.ca\/cse\/wp-json\/wp\/v2\/comments?post=13651"}],"version-history":[{"count":6,"href":"https:\/\/educharlevoix.ca\/cse\/wp-json\/wp\/v2\/pages\/13651\/revisions"}],"predecessor-version":[{"id":16505,"href":"https:\/\/educharlevoix.ca\/cse\/wp-json\/wp\/v2\/pages\/13651\/revisions\/16505"}],"wp:attachment":[{"href":"https:\/\/educharlevoix.ca\/cse\/wp-json\/wp\/v2\/media?parent=13651"}],"wp:term":[{"taxonomy":"category","embeddable":true,"href":"https:\/\/educharlevoix.ca\/cse\/wp-json\/wp\/v2\/categories?post=13651"},{"taxonomy":"post_tag","embeddable":true,"href":"https:\/\/educharlevoix.ca\/cse\/wp-json\/wp\/v2\/tags?post=13651"}],"curies":[{"name":"wp","href":"https:\/\/api.w.org\/{rel}","templated":true}]}}