{"id":13850,"date":"2021-09-03T11:53:38","date_gmt":"2021-09-03T15:53:38","guid":{"rendered":"https:\/\/educharlevoix.ca\/cse\/?page_id=13850"},"modified":"2021-09-27T15:46:55","modified_gmt":"2021-09-27T19:46:55","slug":"le-numerique-et-ma-discipline","status":"publish","type":"page","link":"https:\/\/educharlevoix.ca\/cse\/le-numerique-et-ma-discipline\/","title":{"rendered":"Le num\u00e9rique et ma discipline"},"content":{"rendered":"<p><img loading=\"lazy\" decoding=\"async\" class=\"alignnone size-full wp-image-13844\" src=\"https:\/\/educharlevoix.ca\/cse\/wp-content\/uploads\/2021\/09\/Logo.png\" alt=\"\" width=\"300\" height=\"200\" \/><\/p>\n<h3>Cliquez sur les ic\u00f4nes ou les titres pour acc\u00e9der au contenu \u00e0 consulter.<\/h3>\n<table>\n<tbody>\n<tr>\n<td><a href=\"https:\/\/ecoleouverte.ca\/se-connecter\"><img loading=\"lazy\" decoding=\"async\" class=\"alignnone wp-image-13886\" src=\"https:\/\/educharlevoix.ca\/cse\/wp-content\/uploads\/2021\/09\/MA.png\" alt=\"\" width=\"84\" height=\"84\" \/><\/a><\/td>\n<td>\n<h3><a href=\"https:\/\/ecoleouverte.ca\/se-connecter\">Ma classe<\/a><\/h3>\n<p>Descendez au bas de la page compl\u00e8tement pour cliquer sur \u00ab\u00a0Se connecter avec Moza\u00efk\u00a0\u00bb.<\/td>\n<\/tr>\n<tr>\n<td><a href=\"https:\/\/recitas.ca\/\"><img loading=\"lazy\" decoding=\"async\" class=\"wp-image-13643 aligncenter\" src=\"https:\/\/educharlevoix.ca\/cse\/wp-content\/uploads\/2021\/03\/logo_recit-300x300.png\" alt=\"\" width=\"45\" height=\"45\" \/><\/a><\/td>\n<td>\n<h3><a href=\"https:\/\/recitas.ca\/\">R\u00c9CIT national de l&rsquo;inclusion et de l&rsquo;adaptation scolaire<\/a><\/h3>\n<\/td>\n<\/tr>\n<tr>\n<td><a href=\"https:\/\/recitmst.qc.ca\/\"><img loading=\"lazy\" decoding=\"async\" class=\"wp-image-13643 aligncenter\" src=\"https:\/\/educharlevoix.ca\/cse\/wp-content\/uploads\/2021\/03\/logo_recit-300x300.png\" alt=\"\" width=\"45\" height=\"45\" \/><\/a><\/td>\n<td>\n<h3><a href=\"https:\/\/recitmst.qc.ca\/\">R\u00c9CIT national du domaine de la math\u00e9matique, de la science et technologie<\/a><\/h3>\n<\/td>\n<\/tr>\n<tr>\n<td><a href=\"https:\/\/www.recitus.qc.ca\/\"><img loading=\"lazy\" decoding=\"async\" class=\"wp-image-13643 aligncenter\" src=\"https:\/\/educharlevoix.ca\/cse\/wp-content\/uploads\/2021\/03\/logo_recit-300x300.png\" alt=\"\" width=\"45\" height=\"45\" \/><\/a><\/td>\n<td>\n<h3><a href=\"https:\/\/www.recitus.qc.ca\/\">R\u00c9CIT national du domaine de l&rsquo;univers social<\/a><\/h3>\n<\/td>\n<\/tr>\n<tr>\n<td><a href=\"https:\/\/www.recitarts.ca\/\"><img loading=\"lazy\" decoding=\"async\" class=\"wp-image-13643 aligncenter\" src=\"https:\/\/educharlevoix.ca\/cse\/wp-content\/uploads\/2021\/03\/logo_recit-300x300.png\" alt=\"\" width=\"45\" height=\"45\" \/><\/a><\/td>\n<td>\n<h3><a href=\"https:\/\/www.recitarts.ca\/\">R\u00c9CIT national du domaine des arts<\/a><\/h3>\n<\/td>\n<\/tr>\n<tr>\n<td><a href=\"https:\/\/www.domainelangues.qc.ca\/fr\/\"><img loading=\"lazy\" decoding=\"async\" class=\"wp-image-13643 aligncenter\" src=\"https:\/\/educharlevoix.ca\/cse\/wp-content\/uploads\/2021\/03\/logo_recit-300x300.png\" alt=\"\" width=\"45\" height=\"45\" \/><\/a><\/td>\n<td>\n<h3><a href=\"https:\/\/www.domainelangues.qc.ca\/fr\/\">R\u00c9CIT national du domaine des langues<\/a><\/h3>\n<\/td>\n<\/tr>\n<tr>\n<td><a href=\"https:\/\/recitdp.qc.ca\/\"><img loading=\"lazy\" decoding=\"async\" class=\"wp-image-13643 aligncenter\" src=\"https:\/\/educharlevoix.ca\/cse\/wp-content\/uploads\/2021\/03\/logo_recit-300x300.png\" alt=\"\" width=\"45\" height=\"45\" \/><\/a><\/td>\n<td>\n<h3><a href=\"https:\/\/recitdp.qc.ca\/\">R\u00c9CIT national du domaine du d\u00e9veloppement de la personne<\/a><\/h3>\n<\/td>\n<\/tr>\n<tr>\n<td><a href=\"https:\/\/recitpresco.qc.ca\/fr\"><img loading=\"lazy\" decoding=\"async\" class=\"wp-image-13643 aligncenter\" src=\"https:\/\/educharlevoix.ca\/cse\/wp-content\/uploads\/2021\/03\/logo_recit-300x300.png\" alt=\"\" width=\"45\" height=\"45\" \/><\/a><\/td>\n<td>\n<h3><a href=\"https:\/\/recitpresco.qc.ca\/fr\">R\u00c9CIT national du pr\u00e9scolaire<\/a><\/h3>\n<\/td>\n<\/tr>\n<tr>\n<td><a href=\"https:\/\/recitfga.ca\/\"><img loading=\"lazy\" decoding=\"async\" class=\"wp-image-13643 aligncenter\" src=\"https:\/\/educharlevoix.ca\/cse\/wp-content\/uploads\/2021\/03\/logo_recit-300x300.png\" alt=\"\" width=\"45\" height=\"45\" \/><\/a><\/td>\n<td>\n<h3><a href=\"https:\/\/recitfga.ca\/\">R\u00c9CIT national de la formation g\u00e9n\u00e9rale des adultes<\/a><\/h3>\n<\/td>\n<\/tr>\n<tr>\n<td><a href=\"https:\/\/recitfp.qc.ca\/\"><img loading=\"lazy\" decoding=\"async\" class=\"wp-image-13643 aligncenter\" src=\"https:\/\/educharlevoix.ca\/cse\/wp-content\/uploads\/2021\/03\/logo_recit-300x300.png\" alt=\"\" width=\"45\" height=\"45\" \/><\/a><\/td>\n<td>\n<h3><a href=\"https:\/\/recitfp.qc.ca\/\">R\u00c9CIT national de la formation professionnelle<\/a><\/h3>\n<\/td>\n<\/tr>\n<\/tbody>\n<\/table>\n","protected":false},"excerpt":{"rendered":"<p>Cliquez sur les ic\u00f4nes ou les titres pour acc\u00e9der au contenu \u00e0 consulter. Ma classe Descendez au bas de la page compl\u00e8tement pour cliquer sur \u00ab\u00a0Se connecter avec Moza\u00efk\u00a0\u00bb. R\u00c9CIT national de l&rsquo;inclusion et de l&rsquo;adaptation scolaire R\u00c9CIT national du &hellip; <\/p>\n","protected":false},"author":7,"featured_media":0,"parent":0,"menu_order":0,"comment_status":"closed","ping_status":"closed","template":"","meta":{"cybocfi_hide_featured_image":"","footnotes":""},"categories":[],"tags":[],"class_list":["post-13850","page","type-page","status-publish","hentry"],"_links":{"self":[{"href":"https:\/\/educharlevoix.ca\/cse\/wp-json\/wp\/v2\/pages\/13850","targetHints":{"allow":["GET"]}}],"collection":[{"href":"https:\/\/educharlevoix.ca\/cse\/wp-json\/wp\/v2\/pages"}],"about":[{"href":"https:\/\/educharlevoix.ca\/cse\/wp-json\/wp\/v2\/types\/page"}],"author":[{"embeddable":true,"href":"https:\/\/educharlevoix.ca\/cse\/wp-json\/wp\/v2\/users\/7"}],"replies":[{"embeddable":true,"href":"https:\/\/educharlevoix.ca\/cse\/wp-json\/wp\/v2\/comments?post=13850"}],"version-history":[{"count":0,"href":"https:\/\/educharlevoix.ca\/cse\/wp-json\/wp\/v2\/pages\/13850\/revisions"}],"wp:attachment":[{"href":"https:\/\/educharlevoix.ca\/cse\/wp-json\/wp\/v2\/media?parent=13850"}],"wp:term":[{"taxonomy":"category","embeddable":true,"href":"https:\/\/educharlevoix.ca\/cse\/wp-json\/wp\/v2\/categories?post=13850"},{"taxonomy":"post_tag","embeddable":true,"href":"https:\/\/educharlevoix.ca\/cse\/wp-json\/wp\/v2\/tags?post=13850"}],"curies":[{"name":"wp","href":"https:\/\/api.w.org\/{rel}","templated":true}]}}