{"id":14971,"date":"2022-08-23T09:43:37","date_gmt":"2022-08-23T13:43:37","guid":{"rendered":"https:\/\/educharlevoix.ca\/cse\/courses\/"},"modified":"2025-09-02T09:50:03","modified_gmt":"2025-09-02T13:50:03","slug":"culture-et-citoyennete-quebecoise-ccq-secondaire","status":"publish","type":"page","link":"https:\/\/educharlevoix.ca\/cse\/culture-et-citoyennete-quebecoise-ccq-secondaire\/","title":{"rendered":"Culture et citoyennet\u00e9 qu\u00e9b\u00e9coise (CCQ) \u2013 Secondaire"},"content":{"rendered":"<p>&nbsp;<\/p>\n<table>\n<tbody>\n<tr>\n<td style=\"text-align: center;\">\n<h3><a href=\"https:\/\/cdn-contenu.quebec.ca\/cdn-contenu\/education\/pfeq\/primaire\/programmes\/PFEQ-culture-citoyennete-quebecoise-Secondaire.pdf\" target=\"_blank\" rel=\"noopener\"><img loading=\"lazy\" decoding=\"async\" class=\"wp-image-15282 aligncenter\" src=\"https:\/\/educharlevoix.ca\/cse\/wp-content\/uploads\/2022\/10\/capture-e1666116935514.png\" alt=\"\" width=\"131\" height=\"71\" \/><\/a><\/h3>\n<\/td>\n<td>\n<h3><a href=\"https:\/\/cdn-contenu.quebec.ca\/cdn-contenu\/education\/pfeq\/primaire\/programmes\/PFEQ-culture-citoyennete-quebecoise-Secondaire.pdf\" target=\"_blank\" rel=\"noopener\">Programme officiel &#8211; Secondaire<\/a><\/h3>\n<\/td>\n<\/tr>\n<tr>\n<td style=\"text-align: center;\"><a href=\"https:\/\/www.education.gouv.qc.ca\/fileadmin\/site_web\/documents\/education\/jeunes\/pfeq\/CCQ-PDA-Secondaire.pdf\" target=\"_blank\" rel=\"noopener\"><img loading=\"lazy\" decoding=\"async\" class=\"aligncenter size-full wp-image-15282\" src=\"https:\/\/educharlevoix.ca\/cse\/wp-content\/uploads\/2022\/10\/capture-e1666116935514.png\" alt=\"\" width=\"150\" height=\"81\" \/><\/a><\/td>\n<td>\n<h3><a href=\"https:\/\/cdn-contenu.quebec.ca\/cdn-contenu\/education\/pfeq\/secondaire\/progressions-apprentissages\/PFEQ-progression-apprentissages-culture-citoyennete-quebecoise-secondaire.pdf\" target=\"_blank\" rel=\"noopener\">Progression des apprentissages &#8211; Secondaire<\/a><\/h3>\n<\/td>\n<\/tr>\n<tr>\n<td style=\"text-align: center;\"><a href=\"https:\/\/www.education.gouv.qc.ca\/fileadmin\/site_web\/documents\/education\/jeunes\/pfeq\/CCQ-CE-PFEQ-Secondaire.pdf\" target=\"_blank\" rel=\"noopener\"><img loading=\"lazy\" decoding=\"async\" class=\"aligncenter size-full wp-image-15282\" src=\"https:\/\/educharlevoix.ca\/cse\/wp-content\/uploads\/2022\/10\/capture-e1666116935514.png\" alt=\"\" width=\"150\" height=\"81\" \/><\/a><\/td>\n<td>\n<h3><a href=\"https:\/\/cdn-contenu.quebec.ca\/cdn-contenu\/education\/pfeq\/cadres-evaluation\/secondaire\/francais\/PFEQ-cadre-evaluation-culture-citoyennete-quebecoise-secondaire.pdf\" target=\"_blank\" rel=\"noopener\">Cadre d&rsquo;\u00e9valuation des apprentissages &#8211; Secondaire<\/a><\/h3>\n<\/td>\n<\/tr>\n<tr>\n<td style=\"text-align: center;\">\n<h3><a href=\"http:\/\/www.education.gouv.qc.ca\/fileadmin\/site_web\/documents\/education\/jeunes\/pfeq\/CCQ-Offre_de_formation-_automne-2023.pdf\" target=\"_blank\" rel=\"noopener\"><img loading=\"lazy\" decoding=\"async\" class=\"aligncenter wp-image-15282 size-full\" src=\"https:\/\/educharlevoix.ca\/cse\/wp-content\/uploads\/2022\/10\/capture-e1666116935514.png\" alt=\"\" width=\"150\" height=\"81\" \/><\/a><\/h3>\n<\/td>\n<td>\n<h3><a href=\"https:\/\/www.quebec.ca\/education\/prescolaire-primaire-et-secondaire\/ressources-outils-reseau-scolaire\/sessions-formation-information\" target=\"_blank\" rel=\"noopener\">Offre de formation du MEQ<\/a><\/h3>\n<\/td>\n<\/tr>\n<tr>\n<td style=\"text-align: center;\"><a href=\"https:\/\/www.youtube.com\/playlist?list=PL7xK7_BJ0pSUKeWtneRK4y5w9GNkGUiwe\" target=\"_blank\" rel=\"noopener\"><img loading=\"lazy\" decoding=\"async\" class=\"aligncenter size-full wp-image-16032\" src=\"https:\/\/educharlevoix.ca\/cse\/wp-content\/uploads\/2023\/11\/film_projector_cinema_icon-icons.com_66132.png\" alt=\"\" width=\"72\" height=\"72\" \/><\/a><\/td>\n<td>\n<h3><a href=\"https:\/\/www.youtube.com\/playlist?list=PL7xK7_BJ0pSUKeWtneRK4y5w9GNkGUiwe\" target=\"_blank\" rel=\"noopener\">Formations enregistr\u00e9es du MEQ -Cha\u00eene Youtube primaire et secondaire<\/a><\/h3>\n<\/td>\n<\/tr>\n<tr>\n<td style=\"text-align: center;\"><a href=\"https:\/\/ccq.recitdp.qc.ca\/accueil\" target=\"_blank\" rel=\"noopener\"><img loading=\"lazy\" decoding=\"async\" class=\"aligncenter wp-image-15500\" src=\"https:\/\/educharlevoix.ca\/cse\/wp-content\/uploads\/2023\/02\/Recit-e1677012037859.png\" alt=\"\" width=\"110\" height=\"110\" srcset=\"https:\/\/educharlevoix.ca\/cse\/wp-content\/uploads\/2023\/02\/Recit-e1677012037859.png 300w, https:\/\/educharlevoix.ca\/cse\/wp-content\/uploads\/2023\/02\/Recit-e1677012037859-150x150.png 150w\" sizes=\"auto, (max-width: 110px) 100vw, 110px\" \/><\/a><\/td>\n<td>\n<h3><a href=\"https:\/\/ccq.recitdp.qc.ca\/accueil\" target=\"_blank\" rel=\"noopener\">R\u00c9CIT &#8211; Culture et citoyennet\u00e9 qu\u00e9b\u00e9coise<\/a><\/h3>\n<\/td>\n<\/tr>\n<tr>\n<td style=\"text-align: center;\">\n<h3><a href=\"https:\/\/view.genial.ly\/6377e5625bb0260019394fca\" target=\"_blank\" rel=\"noopener\"><img loading=\"lazy\" decoding=\"async\" class=\"wp-image-15282 size-full aligncenter\" src=\"https:\/\/educharlevoix.ca\/cse\/wp-content\/uploads\/2022\/10\/capture-e1666116935514.png\" alt=\"\" width=\"150\" height=\"81\" \/><\/a><\/h3>\n<\/td>\n<td>\n<h3><a href=\"https:\/\/view.genial.ly\/6377e5625bb0260019394fca\" target=\"_blank\" rel=\"noopener\">Outil d&rsquo;appropriation autonome &#8211; CCQ<\/a><\/h3>\n<\/td>\n<\/tr>\n<tr>\n<td style=\"text-align: center;\"><a href=\"https:\/\/sites.google.com\/recitdp.qc.ca\/portailnationalccq\/accueil?authuser=0\" target=\"_blank\" rel=\"noopener\"><img loading=\"lazy\" decoding=\"async\" class=\"aligncenter wp-image-15732\" src=\"https:\/\/educharlevoix.ca\/cse\/wp-content\/uploads\/2023\/08\/PNCCQ-261x300.png\" alt=\"\" width=\"65\" height=\"75\" srcset=\"https:\/\/educharlevoix.ca\/cse\/wp-content\/uploads\/2023\/08\/PNCCQ-261x300.png 261w, https:\/\/educharlevoix.ca\/cse\/wp-content\/uploads\/2023\/08\/PNCCQ.png 309w\" sizes=\"auto, (max-width: 65px) 100vw, 65px\" \/><\/a><\/td>\n<td>\n<h3><a href=\"https:\/\/sites.google.com\/recitdp.qc.ca\/portailnationalccq\/accueil?authuser=0\" target=\"_blank\" rel=\"noopener\">Portail national CCQ<\/a><\/h3>\n<\/td>\n<\/tr>\n<tr>\n<td style=\"text-align: center;\"><a href=\"https:\/\/cscharlevoix.sharepoint.com\/:f:\/r\/sites\/serviceseducatifs\/Documents%20partages\/Secondaire\/Culture%20et%20citoyennet%C3%A9%20qu%C3%A9b%C3%A9coise%20(CCQ)?csf=1&amp;web=1&amp;e=w8Wkkd\" target=\"_blank\" rel=\"noopener\"><img loading=\"lazy\" decoding=\"async\" class=\"aligncenter wp-image-15600\" src=\"https:\/\/educharlevoix.ca\/cse\/wp-content\/uploads\/2023\/04\/Capture.png\" alt=\"\" width=\"176\" height=\"46\" \/><\/a><\/td>\n<td>\n<h3><a href=\"https:\/\/cscharlevoix.sharepoint.com\/:f:\/r\/sites\/serviceseducatifs\/Documents%20partages\/Secondaire\/Culture%20et%20citoyennet%C3%A9%20qu%C3%A9b%C3%A9coise%20(CCQ)?csf=1&amp;web=1&amp;e=P21Kl5\" target=\"_blank\" rel=\"noopener\">Mat\u00e9riel p\u00e9dagogique (CCQ)<\/a><\/h3>\n<\/td>\n<\/tr>\n<tr>\n<td style=\"text-align: center;\"><a href=\"https:\/\/padlet.com\/ValerieCorriveau\/culture-et-citoyennet-qu-b-coise-ccq-secondaire-rawncgya4uxt5cin\" target=\"_blank\" rel=\"noopener\"><img loading=\"lazy\" decoding=\"async\" class=\"aligncenter wp-image-13642\" src=\"https:\/\/educharlevoix.ca\/cse\/wp-content\/uploads\/2021\/03\/ef1210d4305560b0eb3acf6500d5099c.png\" alt=\"\" width=\"97\" height=\"97\" srcset=\"https:\/\/educharlevoix.ca\/cse\/wp-content\/uploads\/2021\/03\/ef1210d4305560b0eb3acf6500d5099c.png 500w, https:\/\/educharlevoix.ca\/cse\/wp-content\/uploads\/2021\/03\/ef1210d4305560b0eb3acf6500d5099c-300x300.png 300w, https:\/\/educharlevoix.ca\/cse\/wp-content\/uploads\/2021\/03\/ef1210d4305560b0eb3acf6500d5099c-150x150.png 150w\" sizes=\"auto, (max-width: 97px) 100vw, 97px\" \/><\/a><\/td>\n<td>\n<h3><a href=\"https:\/\/padlet.com\/ValerieCorriveau\/culture-et-citoyennet-qu-b-coise-ccq-secondaire-rawncgya4uxt5cin\" target=\"_blank\" rel=\"noopener\">Padlet d&rsquo;oeuvres litt\u00e9raires disponibles sur Biblius<\/a><\/h3>\n<\/td>\n<\/tr>\n<tr>\n<td style=\"text-align: center;\"><a href=\"https:\/\/hypersexualisation.uqam.ca\/volet-3-outils-pedagogiques-education-a-sexualite\/programme-secondaire-oser-etre-soi-meme\/\" target=\"_blank\" rel=\"noopener\"><img loading=\"lazy\" decoding=\"async\" class=\"aligncenter wp-image-15560\" src=\"https:\/\/educharlevoix.ca\/cse\/wp-content\/uploads\/2023\/03\/Universite_du_Quebec_a_Montreal_Logo.svg-300x101.png\" alt=\"\" width=\"133\" height=\"45\" srcset=\"https:\/\/educharlevoix.ca\/cse\/wp-content\/uploads\/2023\/03\/uqam.png 300w, https:\/\/educharlevoix.ca\/cse\/wp-content\/uploads\/2023\/03\/Universite_du_Quebec_a_Montreal_Logo.svg-1024x344.png 1024w, https:\/\/educharlevoix.ca\/cse\/wp-content\/uploads\/2023\/03\/Universite_du_Quebec_a_Montreal_Logo.svg-768x258.png 768w\" sizes=\"auto, (max-width: 133px) 100vw, 133px\" \/><\/a><\/td>\n<td>\n<h3 class=\"entry-title\"><a href=\"https:\/\/hypersexualisation.uqam.ca\/volet-3-outils-pedagogiques-education-a-sexualite\/programme-secondaire-oser-etre-soi-meme\/\" target=\"_blank\" rel=\"noopener\">Oser \u00eatre soi-m\u00eame : Programme pour les deux cycles du secondaire<\/a><\/h3>\n<p>(\u00c9ducation \u00e0 la sexualit\u00e9)<\/td>\n<\/tr>\n<\/tbody>\n<\/table>\n","protected":false},"excerpt":{"rendered":"<p>&nbsp; Programme officiel &#8211; Secondaire Progression des apprentissages &#8211; Secondaire Cadre d&rsquo;\u00e9valuation des apprentissages &#8211; Secondaire Offre de formation du MEQ Formations enregistr\u00e9es du MEQ -Cha\u00eene Youtube primaire et secondaire R\u00c9CIT &#8211; Culture et citoyennet\u00e9 qu\u00e9b\u00e9coise Outil d&rsquo;appropriation autonome &#8211; &hellip; <\/p>\n","protected":false},"author":1,"featured_media":0,"parent":0,"menu_order":0,"comment_status":"closed","ping_status":"closed","template":"","meta":{"cybocfi_hide_featured_image":"","footnotes":""},"categories":[],"tags":[],"class_list":["post-14971","page","type-page","status-publish","hentry"],"_links":{"self":[{"href":"https:\/\/educharlevoix.ca\/cse\/wp-json\/wp\/v2\/pages\/14971","targetHints":{"allow":["GET"]}}],"collection":[{"href":"https:\/\/educharlevoix.ca\/cse\/wp-json\/wp\/v2\/pages"}],"about":[{"href":"https:\/\/educharlevoix.ca\/cse\/wp-json\/wp\/v2\/types\/page"}],"author":[{"embeddable":true,"href":"https:\/\/educharlevoix.ca\/cse\/wp-json\/wp\/v2\/users\/1"}],"replies":[{"embeddable":true,"href":"https:\/\/educharlevoix.ca\/cse\/wp-json\/wp\/v2\/comments?post=14971"}],"version-history":[{"count":9,"href":"https:\/\/educharlevoix.ca\/cse\/wp-json\/wp\/v2\/pages\/14971\/revisions"}],"predecessor-version":[{"id":16506,"href":"https:\/\/educharlevoix.ca\/cse\/wp-json\/wp\/v2\/pages\/14971\/revisions\/16506"}],"wp:attachment":[{"href":"https:\/\/educharlevoix.ca\/cse\/wp-json\/wp\/v2\/media?parent=14971"}],"wp:term":[{"taxonomy":"category","embeddable":true,"href":"https:\/\/educharlevoix.ca\/cse\/wp-json\/wp\/v2\/categories?post=14971"},{"taxonomy":"post_tag","embeddable":true,"href":"https:\/\/educharlevoix.ca\/cse\/wp-json\/wp\/v2\/tags?post=14971"}],"curies":[{"name":"wp","href":"https:\/\/api.w.org\/{rel}","templated":true}]}}